{"id":80,"date":"2014-02-13T17:14:48","date_gmt":"2014-02-13T17:14:48","guid":{"rendered":"https:\/\/forumverdade.ufpr.br\/caminhosdaresistencia\/?page_id=80"},"modified":"2016-03-08T19:52:29","modified_gmt":"2016-03-08T19:52:29","slug":"batalhao-de-fronteira-de-foz-do-iguacu","status":"publish","type":"page","link":"https:\/\/forumverdade.ufpr.br\/caminhosdaresistencia\/a-repressao\/batalhao-de-fronteira-de-foz-do-iguacu\/","title":{"rendered":"Batalh\u00e3o de Fronteira de Foz do Igua\u00e7u"},"content":{"rendered":"<div id=\"attachment_263\" style=\"width: 422px\" class=\"wp-caption aligncenter\"><img fetchpriority=\"high\" decoding=\"async\" aria-describedby=\"caption-attachment-263\" class=\"wp-image-263\" src=\"https:\/\/forumverdade.ufpr.br\/caminhosdaresistencia\/wp-content\/uploads\/sites\/5\/2014\/02\/BATALH\u00c3O-DE-FOZ-300x138.jpg\" alt=\"BATALH\u00c3O DE FOZ\" width=\"422\" height=\"194\" srcset=\"https:\/\/forumverdade.ufpr.br\/caminhosdaresistencia\/wp-content\/uploads\/sites\/5\/2014\/02\/BATALH\u00c3O-DE-FOZ-300x138.jpg 300w, https:\/\/forumverdade.ufpr.br\/caminhosdaresistencia\/wp-content\/uploads\/sites\/5\/2014\/02\/BATALH\u00c3O-DE-FOZ.jpg 500w\" sizes=\"(max-width: 422px) 100vw, 422px\" \/><p id=\"caption-attachment-263\" class=\"wp-caption-text\">Foto: Arquivo P\u00fablico do Paran\u00e1<\/p><\/div>\n<p style=\"text-align: center;\"><img decoding=\"async\" class=\"aligncenter wp-image-473\" src=\"https:\/\/forumverdade.ufpr.br\/caminhosdaresistencia\/wp-content\/uploads\/sites\/5\/2014\/02\/Batalhao-de-Fronteira-Foz-do-Iguacu.jpg\" alt=\"Batalhao de Fronteira Foz do Iguacu\" width=\"590\" height=\"404\" srcset=\"https:\/\/forumverdade.ufpr.br\/caminhosdaresistencia\/wp-content\/uploads\/sites\/5\/2014\/02\/Batalhao-de-Fronteira-Foz-do-Iguacu.jpg 983w, https:\/\/forumverdade.ufpr.br\/caminhosdaresistencia\/wp-content\/uploads\/sites\/5\/2014\/02\/Batalhao-de-Fronteira-Foz-do-Iguacu-300x205.jpg 300w\" sizes=\"(max-width: 590px) 100vw, 590px\" \/><\/p>\n<p>Foi o principal centro de repress\u00e3o de todo o Oeste e Sudoeste do Paran\u00e1. Devido \u00e0 vizinhan\u00e7a\u00a0 com Argentina e Paraguai, cumpriu igualmente um papel marcante na Opera\u00e7\u00e3o Condor, que integrou as ditaduras brasileira, chilena, paraguaia, boliviana, argentina e uruguaia na repress\u00e3o pol\u00edtica.<\/p>\n<p>&nbsp;<\/p>\n<hr \/>\n<p>&nbsp;<\/p>\n<p>&nbsp;<\/p>\n<p><strong>Saiba mais:<\/strong><\/p>\n<ol>\n<li><span style=\"font-size: 8pt;\"><a href=\"https:\/\/forumverdade.ufpr.br\/blog\/2015\/06\/03\/ruas-de-foz-do-iguacu-farao-tributo-a-liberdade-aos-direitos-humanos-e-valores-democraticos\/\" target=\"_blank\">Ruas de Foz do Igua\u00e7u far\u00e3o tributo \u00e0 liberdade, aos direitos humanos e valores democr\u00e1ticos<\/a><\/span><\/li>\n<li><span style=\"font-size: 8pt;\"><a href=\"https:\/\/forumverdade.ufpr.br\/blog\/2013\/06\/19\/anibal-abbate-soley-a-noite-em-que-o-condor-pousou-em-foz-do-iguacu\/\" target=\"_blank\">An\u00edbal Abbate Soley \u2013 A noite em que o Condor pousou em Foz do Igua\u00e7u<\/a><\/span><\/li>\n<li><span style=\"font-size: 8pt;\"><a href=\"https:\/\/forumverdade.ufpr.br\/blog\/2013\/06\/21\/cnv-e-comissao-do-parana-realizam-audiencia-publica-conjunta-em-foz-do-iguacu\/\" target=\"_blank\">CNV e Comiss\u00e3o do Paran\u00e1 realizam audi\u00eancia p\u00fablica conjunta em Foz do Igua\u00e7u<\/a><\/span><\/li>\n<li><span style=\"font-size: 8pt;\"><a href=\"https:\/\/forumverdade.ufpr.br\/blog\/2013\/07\/01\/ex-soldado-relata-a-comissao-da-verdade-tortura-durante-ditadura\/\" target=\"_blank\">Ex-soldado relata a Comiss\u00e3o da Verdade tortura durante ditadura<\/a><\/span><\/li>\n<li><span style=\"font-size: 8pt;\"><a href=\"https:\/\/forumverdade.ufpr.br\/blog\/2013\/12\/05\/criado-comite-da-memoria-justica-e-verdade-do-oeste-do-parana\/\" target=\"_blank\">Criado Comit\u00ea da Mem\u00f3ria, Justi\u00e7a e Verdade do Oeste do Paran\u00e1<\/a><\/span><\/li>\n<li>\n<div><span style=\"font-size: 8pt;\">\u00a0Audi\u00eancia P\u00fablica conjunta CEV-PR e CNV em Foz do Igua\u00e7u &#8211;\u00a0 27 e 28\/06\/2013 &#8211; acervo CNV:<\/span><\/div>\n<\/li>\n<\/ol>\n<p>&nbsp;<\/p>\n<div class=\"youtube\" style=\"padding: 2px; background-color: #dcdcdc;\"><iframe src=\"https:\/\/www.youtube.com\/embed\/videoseries?list=PL9n0M0Ixl2jdGwkvXyyWnzab_4jpfg2kE\" width=\"560\" height=\"315\" frameborder=\"0\" allowfullscreen=\"allowfullscreen\"><\/iframe><\/div>\n","protected":false},"excerpt":{"rendered":"<p>Foi o principal centro de repress\u00e3o de todo o Oeste e Sudoeste do Paran\u00e1. Devido \u00e0 vizinhan\u00e7a\u00a0 com Argentina e Paraguai, cumpriu igualmente um papel marcante na Opera\u00e7\u00e3o Condor, que integrou as ditaduras brasileira, chilena, paraguaia, boliviana, argentina e uruguaia na repress\u00e3o pol\u00edtica. &nbsp; &nbsp; &nbsp; Saiba mais: Ruas de Foz do Igua\u00e7u far\u00e3o tributo &hellip; <\/p>\n<p><a class=\"more-link btn\" href=\"https:\/\/forumverdade.ufpr.br\/caminhosdaresistencia\/a-repressao\/batalhao-de-fronteira-de-foz-do-iguacu\/\">Continue lendo<\/a><\/p>\n","protected":false},"author":1,"featured_media":0,"parent":48,"menu_order":0,"comment_status":"open","ping_status":"closed","template":"","meta":{"_acf_changed":false,"footnotes":""},"class_list":["post-80","page","type-page","status-publish","hentry","nodate","item-wrap"],"acf":[],"_links":{"self":[{"href":"https:\/\/forumverdade.ufpr.br\/caminhosdaresistencia\/wp-json\/wp\/v2\/pages\/80","targetHints":{"allow":["GET"]}}],"collection":[{"href":"https:\/\/forumverdade.ufpr.br\/caminhosdaresistencia\/wp-json\/wp\/v2\/pages"}],"about":[{"href":"https:\/\/forumverdade.ufpr.br\/caminhosdaresistencia\/wp-json\/wp\/v2\/types\/page"}],"author":[{"embeddable":true,"href":"https:\/\/forumverdade.ufpr.br\/caminhosdaresistencia\/wp-json\/wp\/v2\/users\/1"}],"replies":[{"embeddable":true,"href":"https:\/\/forumverdade.ufpr.br\/caminhosdaresistencia\/wp-json\/wp\/v2\/comments?post=80"}],"version-history":[{"count":17,"href":"https:\/\/forumverdade.ufpr.br\/caminhosdaresistencia\/wp-json\/wp\/v2\/pages\/80\/revisions"}],"predecessor-version":[{"id":732,"href":"https:\/\/forumverdade.ufpr.br\/caminhosdaresistencia\/wp-json\/wp\/v2\/pages\/80\/revisions\/732"}],"up":[{"embeddable":true,"href":"https:\/\/forumverdade.ufpr.br\/caminhosdaresistencia\/wp-json\/wp\/v2\/pages\/48"}],"wp:attachment":[{"href":"https:\/\/forumverdade.ufpr.br\/caminhosdaresistencia\/wp-json\/wp\/v2\/media?parent=80"}],"curies":[{"name":"wp","href":"https:\/\/api.w.org\/{rel}","templated":true}]}}