{"id":32,"date":"2014-02-13T16:59:44","date_gmt":"2014-02-13T16:59:44","guid":{"rendered":"https:\/\/forumverdade.ufpr.br\/caminhosdaresistencia\/?page_id=32"},"modified":"2016-03-08T13:26:52","modified_gmt":"2016-03-08T13:26:52","slug":"centro-academico-hugo-simas-cahs","status":"publish","type":"page","link":"https:\/\/forumverdade.ufpr.br\/caminhosdaresistencia\/a-resistencia\/centro-academico-hugo-simas-cahs\/","title":{"rendered":"Centro Acad\u00eamico Hugo Simas &#8211; CAHS"},"content":{"rendered":"<div id=\"attachment_375\" style=\"width: 564px\" class=\"wp-caption aligncenter\"><img fetchpriority=\"high\" decoding=\"async\" aria-describedby=\"caption-attachment-375\" class=\" wp-image-375 \" style=\"border: 0px;\" src=\"https:\/\/forumverdade.ufpr.br\/caminhosdaresistencia\/wp-content\/uploads\/sites\/5\/2014\/02\/FOTO-06-CAHS1.jpg\" alt=\"Centro Acad\u00eamico Hugo Simas Foto:Arquivo P\u00fablico do Paran\u00e1.\" width=\"564\" height=\"839\" srcset=\"https:\/\/forumverdade.ufpr.br\/caminhosdaresistencia\/wp-content\/uploads\/sites\/5\/2014\/02\/FOTO-06-CAHS1.jpg 627w, https:\/\/forumverdade.ufpr.br\/caminhosdaresistencia\/wp-content\/uploads\/sites\/5\/2014\/02\/FOTO-06-CAHS1-201x300.jpg 201w\" sizes=\"(max-width: 564px) 100vw, 564px\" \/><p id=\"caption-attachment-375\" class=\"wp-caption-text\">Centro Acad\u00eamico Hugo Simas<br \/>Foto:Arquivo P\u00fablico do Paran\u00e1.<\/p><\/div>\n<p>Localiza\u00e7\u00e3o:<\/p>\n<p>Av. Marechal Floriano Peixoto, 524, centro &#8211; Curitiba-PR<\/p>\n<p>&nbsp;<\/p>\n<p>&nbsp;<\/p>\n<p>A import\u00e2ncia simb\u00f3lica do CAHS-Centro Acad\u00eamico Hugo Simas reside em ter-se mantido independente mesmo no per\u00edodo em que o regime militar extinguiu os centros acad\u00eamicos e criou em seu lugar os diret\u00f3rios atrelados.<\/p>\n<p>&nbsp;<\/p>\n<div id=\"attachment_377\" style=\"width: 546px\" class=\"wp-caption aligncenter\"><img decoding=\"async\" aria-describedby=\"caption-attachment-377\" class=\" wp-image-377 \" style=\"border: 0px;\" src=\"https:\/\/forumverdade.ufpr.br\/caminhosdaresistencia\/wp-content\/uploads\/sites\/5\/2014\/02\/CAHS.jpg\" alt=\"Estudantes em assembleia no CAHS Foto: Arquivo Vit\u00f3rio Sorotiuk\" width=\"546\" height=\"398\" srcset=\"https:\/\/forumverdade.ufpr.br\/caminhosdaresistencia\/wp-content\/uploads\/sites\/5\/2014\/02\/CAHS.jpg 853w, https:\/\/forumverdade.ufpr.br\/caminhosdaresistencia\/wp-content\/uploads\/sites\/5\/2014\/02\/CAHS-300x218.jpg 300w\" sizes=\"(max-width: 546px) 100vw, 546px\" \/><p id=\"caption-attachment-377\" class=\"wp-caption-text\">Estudantes em assembleia no CAHS<br \/>Foto: Arquivo Vit\u00f3rio Sorotiuk<\/p><\/div>\n<p>&nbsp;<\/p>\n<p style=\"text-align: center;\"><img decoding=\"async\" class=\"aligncenter wp-image-379\" style=\"border: 0px;\" src=\"https:\/\/forumverdade.ufpr.br\/caminhosdaresistencia\/wp-content\/uploads\/sites\/5\/2014\/02\/CAHS-hoje.jpg\" alt=\"CAHS - hoje\" width=\"496\" height=\"330\" srcset=\"https:\/\/forumverdade.ufpr.br\/caminhosdaresistencia\/wp-content\/uploads\/sites\/5\/2014\/02\/CAHS-hoje.jpg 709w, https:\/\/forumverdade.ufpr.br\/caminhosdaresistencia\/wp-content\/uploads\/sites\/5\/2014\/02\/CAHS-hoje-300x199.jpg 300w\" sizes=\"(max-width: 496px) 100vw, 496px\" \/><\/p>\n<hr style=\"width: 600px;\" width=\"600\" \/>\n<p style=\"text-align: left;\">\n<p style=\"text-align: left;\"><strong><span style=\"color: #993300;\">Informa\u00e7\u00e3o geral<\/span><\/strong>:<\/p>\n<p style=\"text-align: left;\">\n<p>O\u00a0<b>Centro Acad\u00eamico Hugo Simas<\/b>\u00a0(CAHS) \u00e9 a entidade representativa dos estudantes do curso de\u00a0Direito\u00a0da\u00a0Universidade Federal do Paran\u00e1\u00a0(UFPR). Fundado no dia 11 de agosto de\u00a01931, \u00e9 um dos mais tradicionais do pa\u00eds.<\/p>\n<p>&nbsp;<\/p>\n<p>Teve uma intensa participa\u00e7\u00e3o pol\u00edtica, principalmente nos anos da\u00a0ditadura\u00a0militar, quando foi proibido de atuar em quest\u00f5es alheias \u00e0s do ensino. Passou por uma grave crise nesse per\u00edodo, o que obrigou os estudantes a colocar em loca\u00e7\u00e3o o pr\u00e9dio hist\u00f3rico da entidade, localizado na Avenida Marechal Floriano Peixoto no centro da cidade de\u00a0Curitiba. O pr\u00e9dio s\u00f3 voltou aos estudantes recentemente, depois de um processo de reforma.<\/p>\n<p>&nbsp;<\/p>\n<p>O Centro Acad\u00eamico Hugo Simas, como atualmente \u00e9 conhecido, teve seu in\u00edcio oficial em 1931, com a Lei Francisco de Campos, uma lei que regulamentou as organiza\u00e7\u00f5es de representa\u00e7\u00e3o estudantil do Brasil. Mais tarde, a publica\u00e7\u00e3o dessa lei foi escolhida por Sans\u00e3o Jos\u00e9 Loureiro, Presidente do CAHS no ano de 1955, como o &#8216;marco inicial&#8217; da hist\u00f3ria de nosso centro acad\u00eamico.<\/p>\n<p>&nbsp;<\/p>\n<p>O primeiro Presidente eleito do ent\u00e3o Centro Acad\u00eamico da Faculdade de Direito da UFPR foi Osny Duarte Pereira. No ano seguinte, quem o sucedeu na presid\u00eancia de nosso centro acad\u00eamico foi o estudante Manoel de Oliveira Franco Sobrinho, um dos mais importantes acad\u00eamicos que j\u00e1 passaram por esse cargo. Este foi o \u00fanico Presidente na hist\u00f3ria do CAHS a ser reeleito. Durante o seu mandato, o centro acad\u00eamico passou a ser denominado Centro Acad\u00eamico de Direito (o famoso CAD) e as elei\u00e7\u00f5es para a presid\u00eancia tornaram-se diretas.<\/p>\n<p>&nbsp;<\/p>\n<p>Logo nos primeiros anos de sua funda\u00e7\u00e3o, o Centro Acad\u00eamico da Faculdade de Direito da UFPR j\u00e1 se destacava pela realiza\u00e7\u00e3o de in\u00fameros eventos e debates sobre temas relevantes no cen\u00e1rio jur\u00eddico nacional. Desde a d\u00e9cada de 30, portanto, vinham sendo promovidas discuss\u00f5es acerca de assuntos importantes \u00e0 \u00e9poca, tais como o div\u00f3rcio, a reforma do ensino, os direitos das mulheres, o voto secreto, entre outros temas.<\/p>\n<p>&nbsp;<\/p>\n<p>Nos anos 40, mais especificamente no ano de 1946, foi escolhido o patrono do Centro Acad\u00eamico da nossa Faculdade. O renomado jurista paranaense e tamb\u00e9m um dos fundadores da Universidade Federal do Paran\u00e1, Hugo Gutierrez Simas, foi escolhido para dar nome ao nosso centro acad\u00eamico.<\/p>\n<p>&nbsp;<\/p>\n<p>Ainda nesta d\u00e9cada, outro acontecimento importante marcou os rumos do CAHS. Apesar da regulamenta\u00e7\u00e3o promovida pela Lei Francisco de Campos, de 1931, foi apenas em 1948 que o CAHS tornou-se pessoa jur\u00eddica, tendo seus estatutos registrados formalmente. Como se ver\u00e1 adiante, este fato foi fundamental para que o CAHS continuasse existindo mesmo em \u00e9pocas de turbul\u00eancia pol\u00edtica no Brasil.<\/p>\n<pre><span style=\"font-family: arial;\">\r\nAs elei\u00e7\u00f5es para o CAHS, desde aquela \u00e9poca, eram disputadas por partidos acad\u00eamicos. Desde a d\u00e9cada de 40, portanto, a partidariza\u00e7\u00e3o se fazia presente na Faculdade de Direito da UFPR. Os partidos acad\u00eamicos buscavam nos partidos pol\u00edticos n\u00e3o apenas bandeiras para defender dentro da Faculdade e da Universidade, mas tamb\u00e9m posicionamentos ideol\u00f3gicos que existiam no conturbado cen\u00e1rio pol\u00edtico nacional.\r\n\r\n<\/span><\/pre>\n<p>A d\u00e9cada de 50 \u00e9 especialmente importante para a hist\u00f3ria do CAHS. Primeiramente porque, como j\u00e1 citado, foi quando se come\u00e7ou a comemorar os anivers\u00e1rios do centro acad\u00eamico, na gest\u00e3o de Sans\u00e3o Jos\u00e9 Loureiro (eleito vice-presidente do CAHS, assumiu a presid\u00eancia devido \u00e0 ren\u00fancia do eleito presidente, Rubem de Farias Andrade). Em segundo lugar, essa foi uma d\u00e9cada marcante em raz\u00e3o da aquisi\u00e7\u00e3o da sede pr\u00f3pria do CAHS. Gra\u00e7as ao esfor\u00e7o do ent\u00e3o Presidente, Oct\u00e1vio Ces\u00e1rio Pereira J\u00fanior, e da indispens\u00e1vel colabora\u00e7\u00e3o do ex-Presidente reeleito, Manoel de Oliveira Franco Sobrinho, ent\u00e3o diretor da Caixa Econ\u00f4mica Federal, foi poss\u00edvel ao CAHS tornar-se propriet\u00e1rio daquela que depois veio a se chamar Sede Hist\u00f3rica.<\/p>\n<p>&nbsp;<\/p>\n<p>A gest\u00e3o de Oct\u00e1vio Ces\u00e1rio Pereira J\u00fanior foi marcada por intensa atividade desportiva, cultural e social dos alunos de direito da UFPR. Com a aquisi\u00e7\u00e3o da sede pr\u00f3pria, foi montada uma biblioteca, uma sala de jogos e feita a instala\u00e7\u00e3o de um restaurante, todos mantidos pelo CAHS.<\/p>\n<p>&nbsp;<\/p>\n<p>No ano de 1953, gra\u00e7as \u00e0 realiza\u00e7\u00e3o do CAHS, presidido \u00e0 \u00e9poca por Alir Ratacheski, ocorreu a Semana Nacional de Estudos Jur\u00eddicos. Esse foi um evento especial e in\u00e9dito e contou com a presen\u00e7a de renomados juristas do cen\u00e1rio jur\u00eddico nacional, dentre os quais cite-se: Luis Jim\u00e9nez de As\u00faa, N\u00e9lson Hungria, Ivair Nogueira Itagiba, Orlando Gomes, entre muitos outros.<\/p>\n<p>&nbsp;<\/p>\n<p>O CAHS tamb\u00e9m teve um importante papel na luta pela federaliza\u00e7\u00e3o da Universidade (que aconteceu em 1952) e essa luta se estendeu para a defesa da gratuidade do ensino e para a abertura dos cursos \u00e0s classes mais pobres da sociedade. Os estudantes de Direito tamb\u00e9m participaram da luta pelo petr\u00f3leo nacional, pois acreditavam na id\u00e9ia da independ\u00eancia econ\u00f4mica que a aquisi\u00e7\u00e3o da Petrobr\u00e1s possibilitaria.<\/p>\n<p>&nbsp;<\/p>\n<p>No in\u00edcio dos anos 60, mais especificamente no ano de 1961, com a ren\u00fancia da presid\u00eancia por J\u00e2nio Quadros e com o impasse gerado no pa\u00eds sobre a &#8216;permiss\u00e3o&#8217; ou n\u00e3o para Jo\u00e3o Goulart assumir a presid\u00eancia, os estudantes de Direito da UFPR, liderados pelo CAHS, uniram-se num movimento estudantil em defesa da Constitui\u00e7\u00e3o e da legalidade. O movimento buscava afirmar a posi\u00e7\u00e3o dos estudantes a favor do cumprimento do que mandava a Constitui\u00e7\u00e3o Federal em rela\u00e7\u00e3o ao impasse pol\u00edtico que se instaurou.<\/p>\n<p>&nbsp;<\/p>\n<p>A partir de 1964, com o golpe e o regime militar, o CAHS teve sua atividade e sua exposi\u00e7\u00e3o diminu\u00eddas. Gra\u00e7as \u00e0 sua natureza jur\u00eddica, por\u00e9m, o Centro Acad\u00eamico Hugo Simas era independente da estrutura oficial da Faculdade e da Universidade, e isso permitiu que ele permanecesse existente mesmo no per\u00edodo em que foram extintos os Centros Acad\u00eamicos tradicionais e criados os chamados Diret\u00f3rios Acad\u00eamicos, que seguiam regulamenta\u00e7\u00e3o e controle r\u00edgidos do governo militar. Enfim, neste per\u00edodo o CAHS teve uma exist\u00eancia paralela ao Diret\u00f3rio Acad\u00eamico, embora sua atua\u00e7\u00e3o tenha sido bastante restrita. Por fim, outro motivo que tornou a d\u00e9cada de 60 especialmente marcante para a hist\u00f3ria do CAHS foi a inaugura\u00e7\u00e3o da Subsede (instalada no subsolo do pr\u00e9dio hist\u00f3rico da Pra\u00e7a Santos Andrade).<\/p>\n<p>&nbsp;<\/p>\n<p>A d\u00e9cada seguinte, apesar de perdurar a ditadura militar, foi marcada por grande atua\u00e7\u00e3o do CAHS no \u00e2mbito da Faculdade de Direito. V\u00e1rias confer\u00eancias e in\u00fameros ciclos de debates foram promovidos pelo centro acad\u00eamico para discutir os principais temas do cen\u00e1rio jur\u00eddico. Vale ressaltar que foi durante os anos 70 que surgiram muitas discuss\u00f5es que procuravam meios de &#8216;modernizar&#8217; a legisla\u00e7\u00e3o vigente em alguns ramos do Direito. O primeiro ciclo de confer\u00eancias a citar foi o que ocorreu em 73, sobre o \u201cNovo C\u00f3digo Civil\u201d, que contou com a presen\u00e7a de Miguel Seabra Fagundes. Tamb\u00e9m o Ciclo sobre o \u201cNovo C\u00f3digo Penal\u201d, com Paulo Jos\u00e9 da Costa J\u00fanior, no mesmo ano, deve ser lembrado. Al\u00e9m desses, deve-se mencionar o Ciclo sobre Direito Constitucional e o Ciclo sobre Direito Agr\u00e1rio (este \u00faltimo, \u00e0 \u00e9poca, demandava intensas discuss\u00f5es).<\/p>\n<p>&nbsp;<\/p>\n<p>Ainda na d\u00e9cada de 70, os estudantes de Direito da nossa Faculdade tiveram que lutar contra a reforma universit\u00e1ria que fora implantada pelo governo militar. O CAHS, \u00e0 \u00e9poca presidido por Jo\u00e3o C\u00e2ndido Cunha Pereira Filho, atuou em busca de melhorias para o curso de Direito, que sofria com o descaso da administra\u00e7\u00e3o do Departamento ao qual fora submetido. Depois de realizar uma Assembl\u00e9ia Geral \u2013 em pleno regime militar \u2013 o CAHS promoveu a primeira greve de estudantes, com apoio dos professores, para reivindicar melhorias para a Faculdade de Direito.<\/p>\n<p>&nbsp;<\/p>\n<p>Ap\u00f3s um m\u00eas de greve, em uma reuni\u00e3o na Reitoria, com participa\u00e7\u00e3o da imprensa, de estudantes, de professores, de funcion\u00e1rios e do Reitor, a Faculdade conseguiu sair da situa\u00e7\u00e3o de abandono em que se encontrava desde a execu\u00e7\u00e3o da reforma universit\u00e1ria. O Brasil, ao final dos anos 70 e in\u00edcio dos anos 80, vive um per\u00edodo de abertura pol\u00edtica. Prova disto \u00e9 a aus\u00eancia de uma repress\u00e3o violenta \u00e0 instaura\u00e7\u00e3o da greve dos estudantes em 1979. Mais do que isso, a greve teve suas reivindica\u00e7\u00f5es atendidas. A partir dos anos 80, portanto, o movimento estudantil em todos os n\u00edveis ganha mais for\u00e7a e volta a atuar de maneira mais vis\u00edvel, retomando o espa\u00e7o que tivera antes da ditadura. O CAHS, assim como outras entidades de representa\u00e7\u00e3o estudantil de todo o pa\u00eds, liderou mobiliza\u00e7\u00f5es estudantis em defesa do retorno da democracia.<\/p>\n<p>&nbsp;<\/p>\n<p>Esse contexto de abertura pol\u00edtica culminou no fim da ditadura e na convoca\u00e7\u00e3o de uma Assembl\u00e9ia Nacional Constituinte, encarregada de redigir a Constitui\u00e7\u00e3o do Estado de Direito que tanto se almejava. O CAHS, neste contexto, promoveu discuss\u00f5es acerca do tema, n\u00e3o ficando alheio \u00e0s discuss\u00f5es do \u00e2mbito nacional.<\/p>\n<p>&nbsp;<\/p>\n<p>Foi na d\u00e9cada de 80 que a Faculdade conseguiu a instala\u00e7\u00e3o do Escrit\u00f3rio Modelo de Assist\u00eancia Jur\u00eddica. Ap\u00f3s anos de reivindica\u00e7\u00e3o, o pedido de cria\u00e7\u00e3o do N\u00facleo de Pr\u00e1tica Jur\u00eddica foi finalmente atendido em 1983, na gest\u00e3o de Reinaldo de Almeida C\u00e9sar Sobrinho.<\/p>\n<p>&nbsp;<\/p>\n<p>Se a d\u00e9cada de 90 come\u00e7ou agitada no cen\u00e1rio pol\u00edtico brasileiro, no Centro Acad\u00eamico Hugo Simas as coisas n\u00e3o foram diferentes. Foi na gest\u00e3o de Michel Saliba Oliveira que ocorreu o tombamento da sede hist\u00f3rica do CAHS e a arrecada\u00e7\u00e3o de recursos para a sua reforma. Depois de renovada, a sede hist\u00f3rica passou a abrigar a administra\u00e7\u00e3o do CAHS.<\/p>\n<p>&nbsp;<\/p>\n<p>Num contexto de democracia, as publica\u00e7\u00f5es da Faculdade voltaram a circular livremente e ent\u00e3o j\u00e1 era poss\u00edvel escrever sobre a pol\u00edtica brasileira sem temer qualquer censura. Dentre essas in\u00fameras publica\u00e7\u00f5es, vale destacar a Folha Acad\u00eamica de n\u00famero 100, publicada no ano de 1994, uma edi\u00e7\u00e3o hist\u00f3rica e comemorativa. Nela escreveram alguns dos mais importantes ex-presidentes do CAHS, como Alir Ratacheski, Manoel de Oliveira Franco Sobrinho, Oct\u00e1vio Pereira J\u00fanior e Munir Karan, al\u00e9m de Osny Duarte Pereira, o 1\u00b0 presidente do CAHS.<\/p>\n<p>&nbsp;<\/p>\n<p>Em 1992, foi convocada no espa\u00e7o da faculdade uma Assembl\u00e9ia Estatuinte para modificar a estrutura administrativa do antigo Estatuto, de 1958. Com o novo Estatuto, criou-se duas novas coordena\u00e7\u00f5es: a de Pesquisa e Extens\u00e3o e a de Qualidade de Ensino.<\/p>\n<p>&nbsp;<\/p>\n<p>Fonte: Wikip\u00e9dia<\/p>\n<p>&nbsp;<\/p>\n\n","protected":false},"excerpt":{"rendered":"<p>Localiza\u00e7\u00e3o: Av. Marechal Floriano Peixoto, 524, centro &#8211; Curitiba-PR &nbsp; &nbsp; A import\u00e2ncia simb\u00f3lica do CAHS-Centro Acad\u00eamico Hugo Simas reside em ter-se mantido independente mesmo no per\u00edodo em que o regime militar extinguiu os centros acad\u00eamicos e criou em seu lugar os diret\u00f3rios atrelados. &nbsp; &nbsp; Informa\u00e7\u00e3o geral: O\u00a0Centro Acad\u00eamico Hugo Simas\u00a0(CAHS) \u00e9 a entidade &hellip; <\/p>\n<p><a class=\"more-link btn\" href=\"https:\/\/forumverdade.ufpr.br\/caminhosdaresistencia\/a-resistencia\/centro-academico-hugo-simas-cahs\/\">Continue lendo<\/a><\/p>\n","protected":false},"author":1,"featured_media":0,"parent":13,"menu_order":0,"comment_status":"open","ping_status":"closed","template":"","meta":{"_acf_changed":false,"footnotes":""},"class_list":["post-32","page","type-page","status-publish","hentry","nodate","item-wrap"],"acf":[],"_links":{"self":[{"href":"https:\/\/forumverdade.ufpr.br\/caminhosdaresistencia\/wp-json\/wp\/v2\/pages\/32","targetHints":{"allow":["GET"]}}],"collection":[{"href":"https:\/\/forumverdade.ufpr.br\/caminhosdaresistencia\/wp-json\/wp\/v2\/pages"}],"about":[{"href":"https:\/\/forumverdade.ufpr.br\/caminhosdaresistencia\/wp-json\/wp\/v2\/types\/page"}],"author":[{"embeddable":true,"href":"https:\/\/forumverdade.ufpr.br\/caminhosdaresistencia\/wp-json\/wp\/v2\/users\/1"}],"replies":[{"embeddable":true,"href":"https:\/\/forumverdade.ufpr.br\/caminhosdaresistencia\/wp-json\/wp\/v2\/comments?post=32"}],"version-history":[{"count":12,"href":"https:\/\/forumverdade.ufpr.br\/caminhosdaresistencia\/wp-json\/wp\/v2\/pages\/32\/revisions"}],"predecessor-version":[{"id":682,"href":"https:\/\/forumverdade.ufpr.br\/caminhosdaresistencia\/wp-json\/wp\/v2\/pages\/32\/revisions\/682"}],"up":[{"embeddable":true,"href":"https:\/\/forumverdade.ufpr.br\/caminhosdaresistencia\/wp-json\/wp\/v2\/pages\/13"}],"wp:attachment":[{"href":"https:\/\/forumverdade.ufpr.br\/caminhosdaresistencia\/wp-json\/wp\/v2\/media?parent=32"}],"curies":[{"name":"wp","href":"https:\/\/api.w.org\/{rel}","templated":true}]}}